{"id":53,"date":"2023-06-03T13:52:25","date_gmt":"2023-06-03T11:52:25","guid":{"rendered":"https:\/\/gillespetitgats.fr\/?page_id=53"},"modified":"2023-10-09T10:28:55","modified_gmt":"2023-10-09T08:28:55","slug":"demarche-artistique","status":"publish","type":"page","link":"https:\/\/gillespetitgats.fr\/index.php\/demarche-artistique\/","title":{"rendered":"D\u00e9marche artistique"},"content":{"rendered":"<p>[et_pb_section fb_built=\u00a0\u00bb1&Prime; admin_label=\u00a0\u00bbAbout Us Section\u00a0\u00bb _builder_version=\u00a0\u00bb4.22.2&Prime; background_image=\u00a0\u00bbhttps:\/\/gillespetitgats.fr\/wp-content\/uploads\/2023\/06\/Letang-de-la-pensee.jpg\u00a0\u00bb parallax=\u00a0\u00bbon\u00a0\u00bb custom_margin=\u00a0\u00bb|5%||5%\u00a0\u00bb custom_margin_tablet=\u00a0\u00bb\u00a0\u00bb custom_margin_phone=\u00a0\u00bb|0px||0px\u00a0\u00bb custom_margin_last_edited=\u00a0\u00bbon|phone\u00a0\u00bb custom_padding=\u00a0\u00bb9.9%|||||\u00a0\u00bb animation_style=\u00a0\u00bbzoom\u00a0\u00bb animation_direction=\u00a0\u00bbtop\u00a0\u00bb animation_intensity_zoom=\u00a0\u00bb5%\u00a0\u00bb hover_enabled=\u00a0\u00bb0&Prime; box_shadow_style=\u00a0\u00bbpreset7&Prime; box_shadow_horizontal=\u00a0\u00bb0px\u00a0\u00bb box_shadow_vertical=\u00a0\u00bb-200px\u00a0\u00bb box_shadow_color=\u00a0\u00bb#ffffff\u00a0\u00bb global_colors_info=\u00a0\u00bb{}\u00a0\u00bb alt=\u00a0\u00bbGilles Petit-Gats &#8211; L&rsquo;e\u0301tang de la pense\u0301e\u00a0\u00bb sticky_enabled=\u00a0\u00bb0&Prime; title_text=\u00a0\u00bb20230625_161131&Prime;][et_pb_row column_structure=\u00a0\u00bb2_3,1_3&Prime; admin_label=\u00a0\u00bbAbout Us Area\u00a0\u00bb _builder_version=\u00a0\u00bb4.16&Prime; background_size=\u00a0\u00bbinitial\u00a0\u00bb background_position=\u00a0\u00bbtop_left\u00a0\u00bb background_repeat=\u00a0\u00bbrepeat\u00a0\u00bb custom_padding=\u00a0\u00bb27px|0px|0px|0px\u00a0\u00bb global_colors_info=\u00a0\u00bb{}\u00a0\u00bb][et_pb_column type=\u00a0\u00bb2_3&Prime; _builder_version=\u00a0\u00bb4.16&Prime; custom_padding=\u00a0\u00bb|||\u00a0\u00bb global_colors_info=\u00a0\u00bb{}\u00a0\u00bb custom_padding__hover=\u00a0\u00bb|||\u00a0\u00bb][et_pb_text admin_label=\u00a0\u00bbTitle\u00a0\u00bb _builder_version=\u00a0\u00bb4.21.0&Prime; text_font=\u00a0\u00bb||||||||\u00a0\u00bb text_text_color=\u00a0\u00bb#3e5149&Prime; text_line_height=\u00a0\u00bb1.5em\u00a0\u00bb header_font=\u00a0\u00bbRoboto Condensed|300||on|||||\u00a0\u00bb header_text_align=\u00a0\u00bbleft\u00a0\u00bb header_text_color=\u00a0\u00bb#7ba89f\u00a0\u00bb header_font_size=\u00a0\u00bb36px\u00a0\u00bb header_line_height=\u00a0\u00bb1.4em\u00a0\u00bb header_2_font=\u00a0\u00bbMontserrat|700||on|||||\u00a0\u00bb header_2_font_size=\u00a0\u00bb42px\u00a0\u00bb header_2_line_height=\u00a0\u00bb1.3em\u00a0\u00bb background_color=\u00a0\u00bb#f7f7f7&Prime; background_size=\u00a0\u00bbinitial\u00a0\u00bb background_position=\u00a0\u00bbtop_left\u00a0\u00bb background_repeat=\u00a0\u00bbrepeat\u00a0\u00bb max_width=\u00a0\u00bb700px\u00a0\u00bb module_alignment=\u00a0\u00bbleft\u00a0\u00bb custom_margin=\u00a0\u00bb|||\u00a0\u00bb custom_padding=\u00a0\u00bb10%|10%|10%|10%\u00a0\u00bb animation_style=\u00a0\u00bbslide\u00a0\u00bb animation_direction=\u00a0\u00bbbottom\u00a0\u00bb animation_intensity_slide=\u00a0\u00bb4%\u00a0\u00bb animation_starting_opacity=\u00a0\u00bb100%\u00a0\u00bb box_shadow_style=\u00a0\u00bbpreset1&Prime; box_shadow_vertical=\u00a0\u00bb15px\u00a0\u00bb box_shadow_blur=\u00a0\u00bb45px\u00a0\u00bb box_shadow_color=\u00a0\u00bbrgba(0,0,0,0.15)\u00a0\u00bb locked=\u00a0\u00bboff\u00a0\u00bb global_colors_info=\u00a0\u00bb{}\u00a0\u00bb]<\/p>\n<div class=\"texteditor-inline-lineheight\">\n<div class=\"texteditor-inline-lineheight\"><span><span class=\"texteditor-inline-color\">La photographie\u00a0peut \u00eatre un art po\u00e9tique.<br \/>Que se passe-t-il au del\u00e0 de\u00a0ce que l&rsquo;on croit voir, comme \u00e7a, juste en passant ?<br \/>Avoir cru voir ou avoir voulu croire ?<\/span><\/span><\/div>\n<div class=\"texteditor-inline-lineheight\"><\/div>\n<div class=\"texteditor-inline-lineheight\"><span><span class=\"texteditor-inline-color\">Mes photos tentent de raconter une histoire, peut-\u00eatre une po\u00e9sie de l&rsquo;intimit\u00e9. Chacune est unique, alors je les traite de mani\u00e8re chaque fois singuli\u00e8re.<br \/><\/span><\/span><\/div>\n<div class=\"texteditor-inline-lineheight\"><span><span class=\"texteditor-inline-color\"><\/span><\/span><\/div>\n<div class=\"texteditor-inline-lineheight\"><span><span class=\"texteditor-inline-color\"><\/span><\/span><\/div>\n<div class=\"texteditor-inline-lineheight\"><span><span class=\"texteditor-inline-color\">En me promenant de rives en rives, de trottoirs en trottoirs, de villes en villes, de r\u00e9gions en r\u00e9gions, qu&rsquo;aurais-je cru voir ?\u00a0Nous vivons essentiellement dans un monde humain m\u00eame devant un paysage naturel. Les reliances sont partout. Elles g\u00e9n\u00e8rent des intimit\u00e9s entre les \u00eatres, passant souvent inaper\u00e7ues lorsqu&rsquo;on marche vers nos buts mat\u00e9riels dans la journ\u00e9e.<\/span><\/span><\/div>\n<div class=\"texteditor-inline-lineheight\"><\/div>\n<div class=\"texteditor-inline-lineheight\"><span><span class=\"texteditor-inline-color\">Il existe vraiment un monde o\u00f9 le silence bruisse entre deux claquements, deux rafales de vent, deux passages de voitures, deux conversations, deux sir\u00e8nes, deux m\u00e9tros &#8230; Ce silence irrigue les \u00eatres, les illumine juste un instant, ravivant une sorte de profond d\u00e9sir de vivre.<\/span><\/span><\/div>\n<div class=\"texteditor-inline-lineheight\"><span><span class=\"texteditor-inline-color\">A cet instant, la lumi\u00e8re ne vient plus de l&rsquo;ext\u00e9rieur mais de l&rsquo;int\u00e9rieur. Les basses lumi\u00e8res deviennent alors celles du silence retrouv\u00e9.\u00a0<\/span><\/span><\/div>\n<div class=\"texteditor-inline-lineheight\"><\/div>\n<div class=\"texteditor-inline-lineheight\"><span><span class=\"texteditor-inline-color\">Aujourd&rsquo;hui, et depuis 3\u00a0ans je suis revenu \u00e0 la photographie d&rsquo;auteur\u00a0\u00ab\u00a0\u00e0 plein temps\u00a0\u00bb. J&rsquo;ai renou\u00e9 \u00e0 travers les techniques du num\u00e9rique et j&rsquo;ai tr\u00e8s vite r\u00e9alis\u00e9 que les visions que je pouvais avoir en t\u00eate pouvaient se r\u00e9aliser plus ais\u00e9ment en les utilisant.<br \/>Ancien parisien vivant aujourd&rsquo;hui en Bretagne, apr\u00e8s une vie professionnelle intense \u00e0 Paris, je suis devenu promeneur solitaire au gr\u00e9 des hameaux, des vallons, des quartiers p\u00e9riph\u00e9riques, des baies et des pointes de littoral &#8230; le cri des go\u00e9lands au-dessus du vrombissement\u00a0du tracteur\u00a0fouillant la terre, m&rsquo;a donn\u00e9 l&rsquo;id\u00e9e tenace que tout se relie, que tout est interd\u00e9pendant, que personne n&rsquo;est seul mais que peu le savent.<\/span><\/span><\/div>\n<div class=\"texteditor-inline-lineheight\"><\/div>\n<\/div>\n<p>[\/et_pb_text][\/et_pb_column][et_pb_column type=\u00a0\u00bb1_3&Prime; _builder_version=\u00a0\u00bb4.16&Prime; custom_padding=\u00a0\u00bb|||\u00a0\u00bb global_colors_info=\u00a0\u00bb{}\u00a0\u00bb custom_padding__hover=\u00a0\u00bb|||\u00a0\u00bb][\/et_pb_column][\/et_pb_row][\/et_pb_section]<\/p>\n","protected":false},"excerpt":{"rendered":"<p>La photographie\u00a0peut \u00eatre un art po\u00e9tique.Que se passe-t-il au del\u00e0 de\u00a0ce que l&rsquo;on croit voir, comme \u00e7a, juste en passant ?Avoir cru voir ou avoir voulu croire ? Mes photos tentent de raconter une histoire, peut-\u00eatre une po\u00e9sie de l&rsquo;intimit\u00e9. Chacune est unique, alors je les traite de mani\u00e8re chaque fois singuli\u00e8re. En me promenant [&hellip;]<\/p>\n","protected":false},"author":1,"featured_media":0,"parent":0,"menu_order":0,"comment_status":"closed","ping_status":"closed","template":"","meta":{"_et_pb_use_builder":"on","_et_pb_old_content":"","_et_gb_content_width":"","om_disable_all_campaigns":false,"_monsterinsights_skip_tracking":false,"_monsterinsights_sitenote_active":false,"_monsterinsights_sitenote_note":"","_monsterinsights_sitenote_category":0,"_uf_show_specific_survey":0,"_uf_disable_surveys":false,"footnotes":""},"class_list":["post-53","page","type-page","status-publish","hentry"],"yoast_head":"<!-- This site is optimized with the Yoast SEO plugin v21.9.1 - https:\/\/yoast.com\/wordpress\/plugins\/seo\/ -->\n<title>D\u00e9marche artistique - gillespetitgats.fr<\/title>\n<meta name=\"robots\" content=\"index, follow, max-snippet:-1, max-image-preview:large, max-video-preview:-1\" \/>\n<link rel=\"canonical\" href=\"https:\/\/gillespetitgats.fr\/index.php\/demarche-artistique\/\" \/>\n<meta property=\"og:locale\" content=\"fr_FR\" \/>\n<meta property=\"og:type\" content=\"article\" \/>\n<meta property=\"og:title\" content=\"D\u00e9marche artistique - gillespetitgats.fr\" \/>\n<meta property=\"og:description\" content=\"La photographie\u00a0peut \u00eatre un art po\u00e9tique.Que se passe-t-il au del\u00e0 de\u00a0ce que l&#039;on croit voir, comme \u00e7a, juste en passant ?Avoir cru voir ou avoir voulu croire ? Mes photos tentent de raconter une histoire, peut-\u00eatre une po\u00e9sie de l&#039;intimit\u00e9. Chacune est unique, alors je les traite de mani\u00e8re chaque fois singuli\u00e8re. En me promenant [&hellip;]\" \/>\n<meta property=\"og:url\" content=\"https:\/\/gillespetitgats.fr\/index.php\/demarche-artistique\/\" \/>\n<meta property=\"og:site_name\" content=\"gillespetitgats.fr\" \/>\n<meta property=\"article:modified_time\" content=\"2023-10-09T08:28:55+00:00\" \/>\n<meta property=\"og:image\" content=\"https:\/\/gillespetitgats.fr\/wp-content\/uploads\/2025\/12\/gilles-petit-gats-la-recherche-du-sens-saint-malo-bretagne-france-@gilles_petitgats_photographie-www.gillespetitgats.fr_.jpg\" \/>\n\t<meta property=\"og:image:width\" content=\"1000\" \/>\n\t<meta property=\"og:image:height\" content=\"1000\" \/>\n\t<meta property=\"og:image:type\" content=\"image\/jpeg\" \/>\n<meta name=\"twitter:card\" content=\"summary_large_image\" \/>\n<meta name=\"twitter:label1\" content=\"Dur\u00e9e de lecture estim\u00e9e\" \/>\n\t<meta name=\"twitter:data1\" content=\"3 minutes\" \/>\n<script type=\"application\/ld+json\" class=\"yoast-schema-graph\">{\"@context\":\"https:\/\/schema.org\",\"@graph\":[{\"@type\":\"WebPage\",\"@id\":\"https:\/\/gillespetitgats.fr\/index.php\/demarche-artistique\/\",\"url\":\"https:\/\/gillespetitgats.fr\/index.php\/demarche-artistique\/\",\"name\":\"D\u00e9marche artistique - gillespetitgats.fr\",\"isPartOf\":{\"@id\":\"https:\/\/gillespetitgats.fr\/#website\"},\"datePublished\":\"2023-06-03T11:52:25+00:00\",\"dateModified\":\"2023-10-09T08:28:55+00:00\",\"breadcrumb\":{\"@id\":\"https:\/\/gillespetitgats.fr\/index.php\/demarche-artistique\/#breadcrumb\"},\"inLanguage\":\"fr-FR\",\"potentialAction\":[{\"@type\":\"ReadAction\",\"target\":[\"https:\/\/gillespetitgats.fr\/index.php\/demarche-artistique\/\"]}]},{\"@type\":\"BreadcrumbList\",\"@id\":\"https:\/\/gillespetitgats.fr\/index.php\/demarche-artistique\/#breadcrumb\",\"itemListElement\":[{\"@type\":\"ListItem\",\"position\":1,\"name\":\"Accueil\",\"item\":\"https:\/\/gillespetitgats.fr\/\"},{\"@type\":\"ListItem\",\"position\":2,\"name\":\"D\u00e9marche artistique\"}]},{\"@type\":\"WebSite\",\"@id\":\"https:\/\/gillespetitgats.fr\/#website\",\"url\":\"https:\/\/gillespetitgats.fr\/\",\"name\":\"gillespetitgats.fr\",\"description\":\"Auteur- artiste-photographe\",\"publisher\":{\"@id\":\"https:\/\/gillespetitgats.fr\/#\/schema\/person\/0c1662b608ef5808d4e9ee78910ee5a9\"},\"potentialAction\":[{\"@type\":\"SearchAction\",\"target\":{\"@type\":\"EntryPoint\",\"urlTemplate\":\"https:\/\/gillespetitgats.fr\/?s={search_term_string}\"},\"query-input\":\"required name=search_term_string\"}],\"inLanguage\":\"fr-FR\"},{\"@type\":[\"Person\",\"Organization\"],\"@id\":\"https:\/\/gillespetitgats.fr\/#\/schema\/person\/0c1662b608ef5808d4e9ee78910ee5a9\",\"name\":\"g.petitgats@gmail.com\",\"image\":{\"@type\":\"ImageObject\",\"inLanguage\":\"fr-FR\",\"@id\":\"https:\/\/gillespetitgats.fr\/#\/schema\/person\/image\/\",\"url\":\"https:\/\/secure.gravatar.com\/avatar\/764034e429ae1c266fdceb60dbdc9da0aea8e80c23e29afefc51dc8236875213?s=96&d=mm&r=g\",\"contentUrl\":\"https:\/\/secure.gravatar.com\/avatar\/764034e429ae1c266fdceb60dbdc9da0aea8e80c23e29afefc51dc8236875213?s=96&d=mm&r=g\",\"caption\":\"g.petitgats@gmail.com\"},\"logo\":{\"@id\":\"https:\/\/gillespetitgats.fr\/#\/schema\/person\/image\/\"},\"sameAs\":[\"http:\/\/gillespetitgats.fr\"]}]}<\/script>\n<!-- \/ Yoast SEO plugin. -->","yoast_head_json":{"title":"D\u00e9marche artistique - gillespetitgats.fr","robots":{"index":"index","follow":"follow","max-snippet":"max-snippet:-1","max-image-preview":"max-image-preview:large","max-video-preview":"max-video-preview:-1"},"canonical":"https:\/\/gillespetitgats.fr\/index.php\/demarche-artistique\/","og_locale":"fr_FR","og_type":"article","og_title":"D\u00e9marche artistique - gillespetitgats.fr","og_description":"La photographie\u00a0peut \u00eatre un art po\u00e9tique.Que se passe-t-il au del\u00e0 de\u00a0ce que l'on croit voir, comme \u00e7a, juste en passant ?Avoir cru voir ou avoir voulu croire ? Mes photos tentent de raconter une histoire, peut-\u00eatre une po\u00e9sie de l'intimit\u00e9. Chacune est unique, alors je les traite de mani\u00e8re chaque fois singuli\u00e8re. En me promenant [&hellip;]","og_url":"https:\/\/gillespetitgats.fr\/index.php\/demarche-artistique\/","og_site_name":"gillespetitgats.fr","article_modified_time":"2023-10-09T08:28:55+00:00","og_image":[{"width":1000,"height":1000,"url":"https:\/\/gillespetitgats.fr\/wp-content\/uploads\/2025\/12\/gilles-petit-gats-la-recherche-du-sens-saint-malo-bretagne-france-@gilles_petitgats_photographie-www.gillespetitgats.fr_.jpg","type":"image\/jpeg"}],"twitter_card":"summary_large_image","twitter_misc":{"Dur\u00e9e de lecture estim\u00e9e":"3 minutes"},"schema":{"@context":"https:\/\/schema.org","@graph":[{"@type":"WebPage","@id":"https:\/\/gillespetitgats.fr\/index.php\/demarche-artistique\/","url":"https:\/\/gillespetitgats.fr\/index.php\/demarche-artistique\/","name":"D\u00e9marche artistique - gillespetitgats.fr","isPartOf":{"@id":"https:\/\/gillespetitgats.fr\/#website"},"datePublished":"2023-06-03T11:52:25+00:00","dateModified":"2023-10-09T08:28:55+00:00","breadcrumb":{"@id":"https:\/\/gillespetitgats.fr\/index.php\/demarche-artistique\/#breadcrumb"},"inLanguage":"fr-FR","potentialAction":[{"@type":"ReadAction","target":["https:\/\/gillespetitgats.fr\/index.php\/demarche-artistique\/"]}]},{"@type":"BreadcrumbList","@id":"https:\/\/gillespetitgats.fr\/index.php\/demarche-artistique\/#breadcrumb","itemListElement":[{"@type":"ListItem","position":1,"name":"Accueil","item":"https:\/\/gillespetitgats.fr\/"},{"@type":"ListItem","position":2,"name":"D\u00e9marche artistique"}]},{"@type":"WebSite","@id":"https:\/\/gillespetitgats.fr\/#website","url":"https:\/\/gillespetitgats.fr\/","name":"gillespetitgats.fr","description":"Auteur- artiste-photographe","publisher":{"@id":"https:\/\/gillespetitgats.fr\/#\/schema\/person\/0c1662b608ef5808d4e9ee78910ee5a9"},"potentialAction":[{"@type":"SearchAction","target":{"@type":"EntryPoint","urlTemplate":"https:\/\/gillespetitgats.fr\/?s={search_term_string}"},"query-input":"required name=search_term_string"}],"inLanguage":"fr-FR"},{"@type":["Person","Organization"],"@id":"https:\/\/gillespetitgats.fr\/#\/schema\/person\/0c1662b608ef5808d4e9ee78910ee5a9","name":"g.petitgats@gmail.com","image":{"@type":"ImageObject","inLanguage":"fr-FR","@id":"https:\/\/gillespetitgats.fr\/#\/schema\/person\/image\/","url":"https:\/\/secure.gravatar.com\/avatar\/764034e429ae1c266fdceb60dbdc9da0aea8e80c23e29afefc51dc8236875213?s=96&d=mm&r=g","contentUrl":"https:\/\/secure.gravatar.com\/avatar\/764034e429ae1c266fdceb60dbdc9da0aea8e80c23e29afefc51dc8236875213?s=96&d=mm&r=g","caption":"g.petitgats@gmail.com"},"logo":{"@id":"https:\/\/gillespetitgats.fr\/#\/schema\/person\/image\/"},"sameAs":["http:\/\/gillespetitgats.fr"]}]}},"_links":{"self":[{"href":"https:\/\/gillespetitgats.fr\/index.php\/wp-json\/wp\/v2\/pages\/53","targetHints":{"allow":["GET"]}}],"collection":[{"href":"https:\/\/gillespetitgats.fr\/index.php\/wp-json\/wp\/v2\/pages"}],"about":[{"href":"https:\/\/gillespetitgats.fr\/index.php\/wp-json\/wp\/v2\/types\/page"}],"author":[{"embeddable":true,"href":"https:\/\/gillespetitgats.fr\/index.php\/wp-json\/wp\/v2\/users\/1"}],"replies":[{"embeddable":true,"href":"https:\/\/gillespetitgats.fr\/index.php\/wp-json\/wp\/v2\/comments?post=53"}],"version-history":[{"count":15,"href":"https:\/\/gillespetitgats.fr\/index.php\/wp-json\/wp\/v2\/pages\/53\/revisions"}],"predecessor-version":[{"id":985,"href":"https:\/\/gillespetitgats.fr\/index.php\/wp-json\/wp\/v2\/pages\/53\/revisions\/985"}],"wp:attachment":[{"href":"https:\/\/gillespetitgats.fr\/index.php\/wp-json\/wp\/v2\/media?parent=53"}],"curies":[{"name":"wp","href":"https:\/\/api.w.org\/{rel}","templated":true}]}}